{"id":1449,"date":"2025-03-25T10:32:04","date_gmt":"2025-03-25T10:32:04","guid":{"rendered":"https:\/\/mp2kwidzyn.pl\/?page_id=1449"},"modified":"2025-03-25T11:07:57","modified_gmt":"2025-03-25T11:07:57","slug":"dostep-do-tlumacza-jezyka-migowego","status":"publish","type":"page","link":"https:\/\/mp2kwidzyn.pl\/index.php\/dostep-do-tlumacza-jezyka-migowego\/","title":{"rendered":"Dost\u0119p do t\u0142umacza j\u0119zyka migowego"},"content":{"rendered":"<p><strong><span class=\"text-underline\">Centrum Administracji Szk\u00f3\u0142 w\u00a0Kwidzynie zapewnia dost\u0119p do \u015bwiadcze\u0144 us\u0142ug t\u0142umacza j\u0119zyka migowego<\/span><\/strong><\/p>\n<p>Uprzejmie informujemy, \u017ce zgodnie z\u00a0ustaw\u0105 z\u00a0dnia 19 sierpnia 2011 roku o\u00a0j\u0119zyku migowym i\u00a0innych \u015brodkach komunikowania si\u0119 (\u00a0tj. Dz. U. z\u00a02017 r. poz. 1824), Centrum Administracji Szk\u00f3\u0142 w\u00a0Kwidzynie zapewnia dost\u0119p do \u015bwiadczenia us\u0142ug t\u0142umacza j\u0119zyka migowego za po\u015brednictwem Urz\u0119du Miejskiego w\u00a0Kwidzynie.<\/p>\n<p>\u015awiadczenie jest bezp\u0142atne dla osoby uprawnionej, b\u0119d\u0105cej osob\u0105 niepe\u0142nosprawn\u0105 w\u00a0rozumieniu ustawy z\u00a0dnia 27 sierpnia 1997 r. o\u00a0rehabilitacji zawodowej i\u00a0spo\u0142ecznej oraz zatrudnianiu os\u00f3b niepe\u0142nosprawnych (\u00a0tj. Dz. U. z\u00a02016 r. poz. 2046 z\u00a0p\u00f3\u017a\u0144. zm. ).<\/p>\n<p><strong>Osoby uprawnione, winny zg\u0142osi\u0107 wol\u0119 skorzystania z\u00a0us\u0142ug t\u0142umacza j\u0119zyka migowego\u00a0 co najmniej na 3\u00a0dni robocze przed tym zdarzeniem, (z wy\u0142\u0105czeniem sytuacji nag\u0142ych) do sekretariatu Centrum Administracji Szk\u00f3\u0142 w\u00a0Kwidzynie ul. Warszawska 19, b\u0105d\u017a telefonicznie pod nr 55 646 47 69, faxem: 55 646 47 69 lub elektronicznie na adres cas@kwidzyn.pl<\/strong><\/p>\n<div class=\"youtube-embed-wrapper\">\n<p><iframe loading=\"lazy\" title=\"Centrum Administracji Szk\u00f3\u0142 w Kwidzynie\" width=\"640\" height=\"360\" src=\"https:\/\/www.youtube.com\/embed\/j0QzTXuplI0?feature=oembed\" frameborder=\"0\" allow=\"accelerometer; autoplay; clipboard-write; encrypted-media; gyroscope; picture-in-picture; web-share\" referrerpolicy=\"strict-origin-when-cross-origin\" allowfullscreen><\/iframe><\/p>\n<\/div>\n","protected":false},"excerpt":{"rendered":"<p>Centrum Administracji Szk\u00f3\u0142 w\u00a0Kwidzynie zapewnia dost\u0119p do \u015bwiadcze\u0144 us\u0142ug t\u0142umacza j\u0119zyka migowego Uprzejmie informujemy, \u017ce zgodnie z\u00a0ustaw\u0105 z\u00a0dnia 19 sierpnia 2011 roku o\u00a0j\u0119zyku migowym i\u00a0innych \u015brodkach komunikowania si\u0119 (\u00a0tj. Dz. U. z\u00a02017 r. poz. 1824), Centrum Administracji Szk\u00f3\u0142 w\u00a0Kwidzynie zapewnia dost\u0119p do \u015bwiadczenia us\u0142ug t\u0142umacza j\u0119zyka migowego za po\u015brednictwem Urz\u0119du Miejskiego w\u00a0Kwidzynie. \u015awiadczenie jest bezp\u0142atne &hellip; <\/p>\n<p class=\"link-more\"><a href=\"https:\/\/mp2kwidzyn.pl\/index.php\/dostep-do-tlumacza-jezyka-migowego\/\" class=\"more-link\">Continue reading<span class=\"screen-reader-text\"> &#8222;Dost\u0119p do t\u0142umacza j\u0119zyka migowego&#8221;<\/span><\/a><\/p>\n","protected":false},"author":1,"featured_media":0,"parent":0,"menu_order":0,"comment_status":"closed","ping_status":"closed","template":"","meta":{"footnotes":""},"class_list":["post-1449","page","type-page","status-publish","hentry"],"_links":{"self":[{"href":"https:\/\/mp2kwidzyn.pl\/index.php\/wp-json\/wp\/v2\/pages\/1449","targetHints":{"allow":["GET"]}}],"collection":[{"href":"https:\/\/mp2kwidzyn.pl\/index.php\/wp-json\/wp\/v2\/pages"}],"about":[{"href":"https:\/\/mp2kwidzyn.pl\/index.php\/wp-json\/wp\/v2\/types\/page"}],"author":[{"embeddable":true,"href":"https:\/\/mp2kwidzyn.pl\/index.php\/wp-json\/wp\/v2\/users\/1"}],"replies":[{"embeddable":true,"href":"https:\/\/mp2kwidzyn.pl\/index.php\/wp-json\/wp\/v2\/comments?post=1449"}],"version-history":[{"count":3,"href":"https:\/\/mp2kwidzyn.pl\/index.php\/wp-json\/wp\/v2\/pages\/1449\/revisions"}],"predecessor-version":[{"id":1456,"href":"https:\/\/mp2kwidzyn.pl\/index.php\/wp-json\/wp\/v2\/pages\/1449\/revisions\/1456"}],"wp:attachment":[{"href":"https:\/\/mp2kwidzyn.pl\/index.php\/wp-json\/wp\/v2\/media?parent=1449"}],"curies":[{"name":"wp","href":"https:\/\/api.w.org\/{rel}","templated":true}]}}