{"id":1663,"date":"2025-04-04T07:52:07","date_gmt":"2025-04-04T07:52:07","guid":{"rendered":"https:\/\/mp2kwidzyn.pl\/?page_id=1663"},"modified":"2025-04-04T08:00:47","modified_gmt":"2025-04-04T08:00:47","slug":"1663-2","status":"publish","type":"page","link":"https:\/\/mp2kwidzyn.pl\/index.php\/1663-2\/","title":{"rendered":"Posi\u0142ki w przedszkolu"},"content":{"rendered":"<h5>Zdrowe i smaczne posi\u0142ki w naszym przedszkolu<\/h5>\n<p>W naszym przedszkolu dbamy o to, aby ka\u017cde dziecko otrzymywa\u0142o\u00a0<strong>zdrowe, smaczne i odpowiednio zbilansowane posi\u0142ki<\/strong>, kt\u00f3re dostarczaj\u0105 energii do zabawy i nauki.<\/p>\n<p>Jako\u00a0<strong>intendentka<\/strong>, moim zadaniem jest organizowanie \u017cywienia w przedszkolu.<br \/>\nPlanuj\u0119 jad\u0142ospis, zamawiam produkty najwy\u017cszej jako\u015bci i dbam o to, aby wszystkie posi\u0142ki spe\u0142nia\u0142y normy \u017cywieniowe oraz potrzeby dzieci.<\/p>\n<p>Nad przygotowaniem posi\u0142k\u00f3w codziennie czuwa nasz\u00a0<strong>zesp\u00f3\u0142 Kucharek<\/strong> Pani Gabrysia \u00a0i Pani Ala, kt\u00f3re z ogromnym zaanga\u017cowaniem i sercem gotuj\u0105 dla naszych przedszkolak\u00f3w. Wszystkie dania przygotowujemy\u00a0<strong>ze \u015bwie\u017cych, sezonowych produkt\u00f3w<\/strong>, unikaj\u0105c nadmiaru soli, cukru i sztucznych dodatk\u00f3w<\/p>\n<p><strong>Jak karmimy nasze przedszkolaki?<\/strong><\/p>\n<ul>\n<li><strong>Zbilansowana dieta<\/strong>\u00a0\u2013 nasz jad\u0142ospis jest zgodny z normami \u017cywienia dzieci w wieku przedszkolnym.<\/li>\n<li><strong>\u015awie\u017ce i naturalne sk\u0142adniki<\/strong>\u00a0\u2013 wybieramy produkty wysokiej jako\u015bci, dbaj\u0105c<br \/>\no ich pochodzenie.<\/li>\n<li><strong>Zdrowe nawyki<\/strong>\u00a0\u2013 uczymy dzieci zasad zdrowego od\u017cywiania i kultury jedzenia.<\/li>\n<li><strong>Indywidualne potrzeby<\/strong>\u00a0\u2013 w miar\u0119 mo\u017cliwo\u015bci dostosowujemy posi\u0142ki do dzieci<br \/>\nz alergiami pokarmowymi i specjalnymi dietami.<\/li>\n<\/ul>\n<p>Naszym celem jest nie tylko zapewnienie dzieciom pe\u0142nowarto\u015bciowych posi\u0142k\u00f3w, ale tak\u017ce rozbudzanie w nich\u00a0<strong>rado\u015bci z jedzenia<\/strong>\u00a0i \u015bwiadomo\u015bci zdrowego stylu \u017cycia.<\/p>\n<h5 style=\"text-align: center;\"><em><strong>Codziennie zapraszamy nasze przedszkolaki do odkrywania nowych smak\u00f3w <\/strong><\/em><em><strong>w zdrowych potrawach!<\/strong><\/em><\/h5>\n<p style=\"text-align: right;\"><strong>Smacznego<\/strong><\/p>\n<p style=\"text-align: right;\"><em>Intendentka<br \/>\n<\/em><em>Monika Lemieszek-Cywi\u0144ska<br \/>\n<\/em><\/p>\n<p><img loading=\"lazy\" decoding=\"async\" class=\"alignnone size-full wp-image-665 alignright\" src=\"https:\/\/mp2kwidzyn.pl\/wp-content\/uploads\/2025\/02\/logozolowkiem.png\" alt=\"\" width=\"212\" height=\"97\" \/><\/p>\n<p>&nbsp;<\/p>\n<p>&nbsp;<\/p>\n","protected":false},"excerpt":{"rendered":"<p>Zdrowe i smaczne posi\u0142ki w naszym przedszkolu W naszym przedszkolu dbamy o to, aby ka\u017cde dziecko otrzymywa\u0142o\u00a0zdrowe, smaczne i odpowiednio zbilansowane posi\u0142ki, kt\u00f3re dostarczaj\u0105 energii do zabawy i nauki. Jako\u00a0intendentka, moim zadaniem jest organizowanie \u017cywienia w przedszkolu. Planuj\u0119 jad\u0142ospis, zamawiam produkty najwy\u017cszej jako\u015bci i dbam o to, aby wszystkie posi\u0142ki spe\u0142nia\u0142y normy \u017cywieniowe oraz potrzeby &hellip; <\/p>\n<p class=\"link-more\"><a href=\"https:\/\/mp2kwidzyn.pl\/index.php\/1663-2\/\" class=\"more-link\">Continue reading<span class=\"screen-reader-text\"> &#8222;Posi\u0142ki w przedszkolu&#8221;<\/span><\/a><\/p>\n","protected":false},"author":1,"featured_media":0,"parent":0,"menu_order":0,"comment_status":"closed","ping_status":"closed","template":"","meta":{"footnotes":""},"class_list":["post-1663","page","type-page","status-publish","hentry"],"_links":{"self":[{"href":"https:\/\/mp2kwidzyn.pl\/index.php\/wp-json\/wp\/v2\/pages\/1663","targetHints":{"allow":["GET"]}}],"collection":[{"href":"https:\/\/mp2kwidzyn.pl\/index.php\/wp-json\/wp\/v2\/pages"}],"about":[{"href":"https:\/\/mp2kwidzyn.pl\/index.php\/wp-json\/wp\/v2\/types\/page"}],"author":[{"embeddable":true,"href":"https:\/\/mp2kwidzyn.pl\/index.php\/wp-json\/wp\/v2\/users\/1"}],"replies":[{"embeddable":true,"href":"https:\/\/mp2kwidzyn.pl\/index.php\/wp-json\/wp\/v2\/comments?post=1663"}],"version-history":[{"count":7,"href":"https:\/\/mp2kwidzyn.pl\/index.php\/wp-json\/wp\/v2\/pages\/1663\/revisions"}],"predecessor-version":[{"id":1672,"href":"https:\/\/mp2kwidzyn.pl\/index.php\/wp-json\/wp\/v2\/pages\/1663\/revisions\/1672"}],"wp:attachment":[{"href":"https:\/\/mp2kwidzyn.pl\/index.php\/wp-json\/wp\/v2\/media?parent=1663"}],"curies":[{"name":"wp","href":"https:\/\/api.w.org\/{rel}","templated":true}]}}