{"id":3,"date":"2024-12-04T08:24:30","date_gmt":"2024-12-04T08:24:30","guid":{"rendered":"http:\/\/instalatorwp671.dkonto.pl\/?page_id=3"},"modified":"2025-02-25T19:49:12","modified_gmt":"2025-02-25T19:49:12","slug":"privacy-policy","status":"publish","type":"page","link":"https:\/\/mp2kwidzyn.pl\/index.php\/privacy-policy\/","title":{"rendered":"Polityka prywatno\u015bci"},"content":{"rendered":"\r\n<p><em>Zgodnie z wymogami obowi\u0105zuj\u0105cego w Polsce od dnia 25 maja 2018r. Og\u00f3lnego Rozporz\u0105dzenia o Ochronie Danych Osobowych (dalej: RODO) oraz Ustawy o ochronie danych osobowych, przedstawiamy informacje nt. przetwarzania i ochrony Pa\u0144stwa danych osobowych.<\/em><\/p>\r\n<h2 class=\"wp-block-heading\">\r\n\r\n<\/h2>\r\n<h2 class=\"wp-block-heading\">Kim jeste\u015bmy?<\/h2>\r\n\r\n\r\n\r\n<p>Adres naszej strony internetowej to: <a href=\"https:\/\/mp2kwidzyn.pl\">https:\/\/mp2kwidzyn.pl<\/a><\/p>\r\n\r\n\r\n\r\n<h2 class=\"wp-block-heading\">Komentarze<\/h2>\r\n\r\n\r\n\r\n<p>Kiedy odwiedzaj\u0105cy witryn\u0119 zostawia komentarz, zbieramy dane widoczne w formularzu komentowania, a tak\u017ce adres IP odwiedzaj\u0105cego i podpis jego przegl\u0105darki, aby pom\u00f3c w wykrywaniu spamu. Zanonimizowany ci\u0105g znak\u00f3w utworzony na podstawie Twojego adresu e-mail (zwany tak\u017ce skr\u00f3tem) mo\u017ce zosta\u0107 przes\u0142any do us\u0142ugi Gravatar w celu sprawdzenia, czy z niej korzystasz. Polityka prywatno\u015bci us\u0142ugi Gravatar dost\u0119pna jest tutaj: <a href=\"https:\/\/automattic.com\/privacy\/\">https:\/\/automattic.com\/privacy\/<\/a>. Po zatwierdzeniu komentarza Twoje zdj\u0119cie profilowe b\u0119dzie widoczne publicznie w kontek\u015bcie Twojego komentarza.<\/p>\r\n\r\n\r\n\r\n\r\n\r\n<h2 class=\"wp-block-heading\">Media<\/h2>\r\n\r\n\r\n\r\n<p>Je\u015bli przesy\u0142asz obrazy na stron\u0119 internetow\u0105, powiniene\u015b unika\u0107 przesy\u0142ania obraz\u00f3w z osadzonymi danymi lokalizacji (EXIF GPS). Odwiedzaj\u0105cy stron\u0119 internetow\u0105 mog\u0105 pobra\u0107 i wyodr\u0119bni\u0107 wszelkie dane lokalizacji z obraz\u00f3w na stronie internetowej.<\/p>\r\n\r\n\r\n\r\n<h2 class=\"wp-block-heading\">Ciasteczka<\/h2>\r\n\r\n\r\n\r\n<p>Je\u015bli zostawisz komentarz na naszej stronie, mo\u017cesz wyrazi\u0107 zgod\u0119 na zapisanie swojego imienia, adresu e-mail i witryny w plikach cookie. S\u0105 one dla Twojej wygody, aby\u015b nie musia\u0142 ponownie wype\u0142nia\u0107 swoich danych, gdy zostawisz kolejny komentarz. Te pliki cookie b\u0119d\u0105 wa\u017cne przez rok.<\/p>\r\n<p>Je\u015bli odwiedzisz nasz\u0105 stron\u0119 logowania, ustawimy tymczasowy plik cookie, aby sprawdzi\u0107, czy Twoja przegl\u0105darka akceptuje pliki cookie. Ten plik cookie nie zawiera \u017cadnych danych osobowych i jest usuwany po zamkni\u0119ciu przegl\u0105darki.<\/p>\r\n<p>Kiedy si\u0119 zalogujesz, ustawimy r\u00f3wnie\u017c kilka plik\u00f3w cookie, aby zapisa\u0107 Twoje dane logowania i wybrane opcje wy\u015bwietlania ekranu. Pliki cookie logowania s\u0105 wa\u017cne przez dwa dni, a pliki cookie opcji ekranu s\u0105 wa\u017cne przez rok. Je\u015bli wybierzesz opcj\u0119 \u201eZapami\u0119taj mnie\u201d, Twoje logowanie b\u0119dzie trwa\u0142o dwa tygodnie. Je\u015bli wylogujesz si\u0119 ze swojego konta, pliki cookie logowania zostan\u0105 usuni\u0119te.<\/p>\r\n<p>Je\u015bli edytujesz lub publikujesz artyku\u0142, w Twojej przegl\u0105darce zostanie zapisany dodatkowy plik cookie. Ten plik cookie nie zawiera \u017cadnych danych osobowych i po prostu wskazuje identyfikator posta artyku\u0142u, kt\u00f3ry w\u0142a\u015bnie edytowa\u0142e\u015b. Wygasa po 1 dniu.<\/p>\r\n\r\n\r\n\r\n<h2 class=\"wp-block-heading\">Osadzone tre\u015bci z innych witryn<\/h2>\r\n\r\n\r\n\r\n<p>Artyku\u0142y na tej stronie mog\u0105 zawiera\u0107 osadzone tre\u015bci (np. filmy, obrazy, artyku\u0142y itp.). Osadzone tre\u015bci z innych witryn zachowuj\u0105 si\u0119 dok\u0142adnie tak samo, jakby odwiedzaj\u0105cy odwiedzi\u0142 inn\u0105 witryn\u0119.<\/p>\r\n<p>Te witryny mog\u0105 zbiera\u0107 dane o Tobie, u\u017cywa\u0107 plik\u00f3w cookie, osadza\u0107 dodatkowe \u015bledzenie stron trzecich i monitorowa\u0107 Twoj\u0105 interakcj\u0119 z osadzon\u0105 tre\u015bci\u0105, w tym \u015bledzi\u0107 Twoj\u0105 interakcj\u0119 z osadzon\u0105 tre\u015bci\u0105, je\u015bli masz konto i jeste\u015b zalogowany na tej stronie.<\/p>\r\n\r\n\r\n\r\n\r\n\r\n<h2 class=\"wp-block-heading\">Jak d\u0142ugo przechowujemy Twoje dane?<\/h2>\r\n\r\n\r\n\r\n<p>Je\u015bli zostawisz komentarz, komentarz i jego metadane zostan\u0105 zachowane na czas nieokre\u015blony. Dzi\u0119ki temu mo\u017cemy automatycznie rozpoznawa\u0107 i zatwierdza\u0107 wszelkie komentarze uzupe\u0142niaj\u0105ce zamiast trzyma\u0107 je w kolejce moderacji.<\/p>\r\n<p>W przypadku u\u017cytkownik\u00f3w, kt\u00f3rzy zarejestruj\u0105 si\u0119 na naszej stronie internetowej (je\u015bli tacy s\u0105), przechowujemy r\u00f3wnie\u017c dane osobowe, kt\u00f3re podaj\u0105 w swoim profilu u\u017cytkownika. Wszyscy u\u017cytkownicy mog\u0105 w ka\u017cdej chwili zobaczy\u0107, edytowa\u0107 lub usun\u0105\u0107 swoje dane osobowe (z wyj\u0105tkiem tego, \u017ce nie mog\u0105 zmieni\u0107 swojej nazwy u\u017cytkownika). Administratorzy strony internetowej mog\u0105 r\u00f3wnie\u017c zobaczy\u0107 i edytowa\u0107 te informacje.<\/p>\r\n\r\n\r\n\r\n<h2 class=\"wp-block-heading\">Jakie masz prawa do swoich danych?<\/h2>\r\n\r\n\r\n\r\n<p>Je\u015bli masz konto na tej stronie lub zostawi\u0142e\u015b komentarze, mo\u017cesz poprosi\u0107 o otrzymanie wyeksportowanego pliku danych osobowych, kt\u00f3re o Tobie posiadamy, w tym wszelkich danych, kt\u00f3re nam przekaza\u0142e\u015b. Mo\u017cesz r\u00f3wnie\u017c poprosi\u0107 o usuni\u0119cie wszelkich danych osobowych, kt\u00f3re o Tobie posiadamy. Nie obejmuje to \u017cadnych danych, kt\u00f3re jeste\u015bmy zobowi\u0105zani przechowywa\u0107 w celach administracyjnych, prawnych lub bezpiecze\u0144stwa.<\/p>\r\n\r\n\r\n\r\n<h2 class=\"wp-block-heading\">Gdzie wysy\u0142ane s\u0105 Twoje dane?<\/h2>\r\n\r\n\r\n\r\n<p>Komentarze odwiedzaj\u0105cych mog\u0105 by\u0107 sprawdzane za pomoc\u0105 automatycznej us\u0142ugi wykrywania spamu.<\/p>\r\n\r\n\r\n\r\n<h2>Kto jest administratorem danych osobowych?<\/h2>\r\n\r\n\r\n\r\n<p>Administratorem Pa\u0144stwa danych osobowych oraz danych osobowych Pa\u0144stwa dziecka jest Miejskie Przedszkole Nr 2 w Kwidzynie, ul.D\u0105browskiego3, 44-120 Pyskowice\u00a0<\/p>\r\n\r\n\r\n\r\n<h2>Z kim mo\u017cna kontaktowa\u0107 si\u0119 w sprawie przetwarzania danych osobowych?<\/h2>\r\n<p><br \/>We wszelkich sprawach zwi\u0105zanych z ochron\u0105 danych osobowych mog\u0105 si\u0119 Pa\u0144stwo kontaktowa\u0107 z Inspektorem Ochrony Danych (IOD), kt\u00f3rym jest pan Wojciech Wilk, <a href=\"mailto:biuro@rodo-wolfserwis.pl\">biuro@rodo-wolfserwis.pl<\/a><\/p>\r\n\r\n\r\n\r\n<h2>W jakim celu i na jakiej podstawie przetwarzamy dane osobowe?<\/h2>\r\n\r\n\r\n\r\n<p>Pa\u0144stwa dane osobowe lub dane osobowe Pa\u0144stwa dziecka b\u0119d\u0105 przetwarzane na podstawie obowi\u0105zku prawnego ci\u0105\u017c\u0105cego na Administratorze (RODO art. 6, ust. 1, lit. c oraz art. 9, ust. 2, lit. g), w zwi\u0105zku z przepisami m.in. Prawa o\u015bwiatowego, Ustawy o systemie o\u015bwiaty i akt\u00f3w wykonawczych do tych ustaw, a tak\u017ce Statutu Przedszkola, w szczeg\u00f3lno\u015bci w celu:<\/p>\r\n\r\n\r\n\r\n<ul class=\"wp-block-list\">\r\n<li>realizacji zada\u0144 dydaktycznych, wychowawczych i opieku\u0144czych<\/li>\r\n\r\n\r\n\r\n<li>Wizerunek i osi\u0105gni\u0119cia dziecka w celu publikacji na stronie internetowej przedszkola, w prasie lokalnej lub telewizji (na podstawie podpisanej zgody)<\/li>\r\n<\/ul>\r\n\r\n\r\n\r\n<h2>Przez jaki okres b\u0119d\u0105 przechowywane dane osobowe?<\/h2>\r\n\r\n\r\n\r\n<p>Dane osobowe po zrealizowaniu celu, dla kt\u00f3rego zosta\u0142y zebrane, b\u0119d\u0105 przetwarzane do cel\u00f3w archiwalnych i przechowywane przez okres niezb\u0119dny do zrealizowania przepis\u00f3w dotycz\u0105cych archiwizowania danych obowi\u0105zuj\u0105cych u Administratora.<\/p>\r\n\r\n\r\n\r\n<h2>Komu mog\u0105 by\u0107 przekazywane dane osobowe?<\/h2>\r\n\r\n\r\n\r\n<p>Dane osobowe mog\u0105 by\u0107 udost\u0119pniane odbiorcom upowa\u017cnionym do ich otrzymywania na podstawie przepis\u00f3w prawa.<\/p>\r\n\r\n\r\n\r\n<p>Odbiorc\u0105 danych osobowych mog\u0105 by\u0107:<br \/>a) organy w\u0142adzy publicznej i podmioty uprawnione do tego na podstawie przepis\u00f3w prawa; Ministerstwo Edukacji i Nauki, System Informacji O\u015bwiatowej, Kuratorium O\u015bwiaty, Organ prowadz\u0105cy \u2013 Urz\u0105d Miasta Kwidzyn, inne na wniosek.<br \/>b) uprawnione podmioty dostarczaj\u0105ce Miejskiemu Przedszkolu Nr 2 w Kwidzynie obs\u0142ugi informatycznej, prawnej na podstawie um\u00f3w powierzenia przetwarzania danych;<br \/>c) podmioty organizuj\u0105ce olimpiady, konkursy i inne wydarzenia edukacyjne, w kt\u00f3rych ucze\u0144 bierze udzia\u0142.<\/p>\r\n\r\n\r\n\r\n<h2>Jakie prawa przys\u0142uguj\u0105 w zwi\u0105zku z ochron\u0105 danych?<\/h2>\r\n\r\n\r\n\r\n<p>Osoby, kt\u00f3rych dane dotycz\u0105, maj\u0105 prawo do:<\/p>\r\n\r\n\r\n\r\n<ul class=\"wp-block-list\">\r\n<li>dost\u0119pu do tre\u015bci danych osobowych,<\/li>\r\n\r\n\r\n\r\n<li>\u017c\u0105dania sprostowania danych osobowych, kt\u00f3re s\u0105 nieprawid\u0142owe lub nieaktualne,<\/li>\r\n\r\n\r\n\r\n<li>\u017c\u0105dania usuni\u0119cia danych gdy:<\/li>\r\n<\/ul>\r\n\r\n\r\n\r\n<p>-dane nie s\u0105 niezb\u0119dne do cel\u00f3w, dla kt\u00f3rych zosta\u0142y zebrane,<\/p>\r\n\r\n\r\n\r\n<p>-dane przetwarzane s\u0105 niezgodnie z prawem;<\/p>\r\n\r\n\r\n\r\n<ul class=\"wp-block-list\">\r\n<li>\u017c\u0105dania ograniczenia przetwarzania gdy:<\/li>\r\n<\/ul>\r\n\r\n\r\n\r\n<p>-osoby te kwestionuj\u0105 prawid\u0142owo\u015b\u0107 danych osobowych,<\/p>\r\n\r\n\r\n\r\n<p>-przetwarzanie jest niezgodne z prawem, a osoby te sprzeciwiaj\u0105 si\u0119 usuni\u0119ciu danych osobowych,<\/p>\r\n\r\n\r\n\r\n<ul class=\"wp-block-list\">\r\n<li>Administrator nie potrzebuje ju\u017c danych osobowych do cel\u00f3w przetwarzania, ale s\u0105 one potrzebne osobom kt\u00f3rych dane dotycz\u0105, do ustalenia, ochrony lub obrony roszcze\u0144.<\/li>\r\n\r\n\r\n\r\n<li>Przys\u0142uguje Pa\u0144stwu r\u00f3wnie\u017c prawo do wniesienia skargi do organu nadzorczego, tj. Prezesa Urz\u0119du Ochrony Danych Osobowych.<\/li>\r\n<\/ul>\r\n\r\n\r\n\r\n<h2>Czy dane osobowe s\u0105 przekazywane poza EOG?<\/h2>\r\n\r\n\r\n\r\n<p>Administrator nie przesy\u0142a danych osobowych do kraj\u00f3w spoza Europejskiego Obszaru Gospodarczego (EOG),<\/p>\r\n\r\n\r\n\r\n<h2>Czy dane osobowe wykorzystuje si\u0119 do profilowania?<\/h2>\r\n\r\n\r\n\r\n<p>Dane osobowe nie s\u0105 wykorzystywane do zautomatyzowanego podejmowania decyzji, w tym do profilowania.<\/p>\r\n\r\n\r\n\r\n<h2>Czy podawanie danych osobowych jest konieczne?<\/h2>\r\n\r\n\r\n\r\n<p>Podanie przez Pa\u0144stwa danych osobowych jest wymagane przepisami prawa.<\/p>\r\n\r\n\r\n\r\n<h2>Czy teren plac\u00f3wki jest obj\u0119ty monitoringiem wizyjnym?<\/h2>\r\n\r\n\r\n\r\n<h2>Polityka prywatno\u015bci<\/h2>\r\n\r\n\r\n\r\n<p>Przedszkole przywi\u0105zuje szczeg\u00f3ln\u0105 wag\u0119 do poszanowania prywatno\u015bci u\u017cytkownik\u00f3w odwiedzaj\u0105cych stron\u0119 https:\/\/mp2kwidzyn.pl<\/p>\r\n\r\n\r\n\r\n<p>Nie zabiegamy o identyfikacj\u0119 u\u017cytkownik\u00f3w strony przedszkola. \u017badne dane identyfikacyjne, do \u017cadnych cel\u00f3w, nie s\u0105 przekazywane do jakiejkolwiek trzeciej strony.<\/p>\r\n","protected":false},"excerpt":{"rendered":"<p>Zgodnie z wymogami obowi\u0105zuj\u0105cego w Polsce od dnia 25 maja 2018r. Og\u00f3lnego Rozporz\u0105dzenia o Ochronie Danych Osobowych (dalej: RODO) oraz Ustawy o ochronie danych osobowych, przedstawiamy informacje nt. przetwarzania i ochrony Pa\u0144stwa danych osobowych. Kim jeste\u015bmy? Adres naszej strony internetowej to: https:\/\/mp2kwidzyn.pl Komentarze Kiedy odwiedzaj\u0105cy witryn\u0119 zostawia komentarz, zbieramy dane widoczne w formularzu komentowania, a &hellip; <\/p>\n<p class=\"link-more\"><a href=\"https:\/\/mp2kwidzyn.pl\/index.php\/privacy-policy\/\" class=\"more-link\">Continue reading<span class=\"screen-reader-text\"> &#8222;Polityka prywatno\u015bci&#8221;<\/span><\/a><\/p>\n","protected":false},"author":1,"featured_media":0,"parent":0,"menu_order":0,"comment_status":"closed","ping_status":"open","template":"","meta":{"footnotes":""},"class_list":["post-3","page","type-page","status-publish","hentry"],"_links":{"self":[{"href":"https:\/\/mp2kwidzyn.pl\/index.php\/wp-json\/wp\/v2\/pages\/3","targetHints":{"allow":["GET"]}}],"collection":[{"href":"https:\/\/mp2kwidzyn.pl\/index.php\/wp-json\/wp\/v2\/pages"}],"about":[{"href":"https:\/\/mp2kwidzyn.pl\/index.php\/wp-json\/wp\/v2\/types\/page"}],"author":[{"embeddable":true,"href":"https:\/\/mp2kwidzyn.pl\/index.php\/wp-json\/wp\/v2\/users\/1"}],"replies":[{"embeddable":true,"href":"https:\/\/mp2kwidzyn.pl\/index.php\/wp-json\/wp\/v2\/comments?post=3"}],"version-history":[{"count":15,"href":"https:\/\/mp2kwidzyn.pl\/index.php\/wp-json\/wp\/v2\/pages\/3\/revisions"}],"predecessor-version":[{"id":257,"href":"https:\/\/mp2kwidzyn.pl\/index.php\/wp-json\/wp\/v2\/pages\/3\/revisions\/257"}],"wp:attachment":[{"href":"https:\/\/mp2kwidzyn.pl\/index.php\/wp-json\/wp\/v2\/media?parent=3"}],"curies":[{"name":"wp","href":"https:\/\/api.w.org\/{rel}","templated":true}]}}